{"id":1174,"date":"2020-05-24T17:54:09","date_gmt":"2020-05-24T17:54:09","guid":{"rendered":"http:\/\/vaikubalsas.mruni.eu\/?page_id=1174"},"modified":"2026-04-30T13:05:04","modified_gmt":"2026-04-30T13:05:04","slug":"apie-rengini","status":"publish","type":"page","link":"https:\/\/vaikubalsas.mruni.eu\/","title":{"rendered":"2026 Konferencija"},"content":{"rendered":"\n<p>Mykolo Romerio universiteto \u017dmogaus ir visuomen\u0117s studij\u0173 fakulteto Edukologijos ir socialinio darbo institutas kartu su partneriais \u2013 Lietuvos Respublikos Seimo \u017dmogaus teisi\u0173 komitetu, Lietuvos Respublikos vaiko teisi\u0173 apsaugos kontrolieriaus \u012fstaiga, VO \u201eGelb\u0117kit vaikus\u201c, Art\u016bro Noviko d\u017eiazo mokykla, Lietuvos \u012ftraukties \u0161vietime centru&nbsp;<strong>2026 m. gegu\u017e\u0117s 29 dien\u0105<\/strong>&nbsp;jau devintus metus organizuoja konferencij\u0105 \u201eLietuvos vaik\u0173 balsas\u201c.<\/p>\n\n\n\n<p><em>Renginio id\u0117ja paremta Jungtini\u0173 taut\u0173 vaiko teisi\u0173 konvencija, kurios 12 straipsnis numato, kad valstyb\u0117s dalyv\u0117s garantuoja vaikui, sugeban\u010diam suformuluoti savo pa\u017ei\u016bras, teis\u0119 laisvai jas reik\u0161ti visais su juo susijusiais klausimais, o 13 straipsnis \u012ftvirtina vaiko teis\u0119 reik\u0161ti savo nuomon\u0119 jam priimtinais b\u016bdais.<\/em><\/p>\n\n\n\n<p class=\"has-text-align-center has-large-font-size\" style=\"padding-top:var(--wp--preset--spacing--30);font-style:normal;font-weight:300\">\u0160i\u0173 met\u0173 konferencijos tema<br><strong>\u201e<strong>A\u0161 ir mano mokykla<\/strong>\u201c<\/strong><\/p>\n\n\n\n<div class=\"wp-block-columns is-layout-flex wp-container-core-columns-is-layout-28f84493 wp-block-columns-is-layout-flex\">\n<div class=\"wp-block-column is-layout-flow wp-block-column-is-layout-flow\">\n<hr class=\"wp-block-separator aligncenter has-alpha-channel-opacity\"\/>\n<\/div>\n<\/div>\n\n\n\n<p>Vaikai kvie\u010diami dalyvauti&nbsp;<em>prane\u0161im\u0173<\/em>&nbsp;ir \/ arba&nbsp;<em>pie\u0161ini\u0173<\/em>&nbsp;ir \/ ar&nbsp;<em>vaizdo klip\u0173<\/em>&nbsp;konkursuose, kuri\u0173 tikslas \u2013 suteikti galimyb\u0119 k\u016brybin\u0117mis ir menin\u0117mis priemon\u0117mis i\u0161sakyti savo nuomon\u0119: <em>mokykla \u2013 tai vieta, kur kasdien ne tik \u012fgyjame nauj\u0173 \u017eini\u0173, bet ir mokom\u0117s, atrandame, draugaujame, \u017eaid\u017eiame, augame&nbsp; kartu ir su kitais. Kvie\u010diame pasidalinti, kokia tavo mokykla. Papasakok, kas tave d\u017eiugina, kas padeda mokytis ir augti, ir koki\u0105 svajoni\u0173&nbsp; mokykl\u0105, matytum.<\/em> Darbai (prane\u0161imai, pie\u0161iniai, vaizdo klipai) organizatoriui pateikiami konkurs\u0173 nuostatuose nurodyta tvarka&nbsp;iki<strong>&nbsp;2026 m. gegu\u017e\u0117s 4 d.&nbsp;<\/strong><\/p>\n\n\n\n<div class=\"wp-block-buttons is-content-justification-center is-layout-flex wp-container-core-buttons-is-layout-a89b3969 wp-block-buttons-is-layout-flex\">\n<div class=\"wp-block-button\"><a class=\"wp-block-button__link wp-element-button\" href=\"https:\/\/forms.office.com\/Pages\/ResponsePage.aspx?id=SHPGoK96QEGcWjouBr8PDUU6dvGdve5IsUVlRZSA54RUODg0UVBOTEtFV0w0SDNSNlQ3MVUwTE8zSy4u\">Registracija dalyvauti konkursuose ir konferencijoje<\/a><\/div>\n<\/div>\n\n\n\n<p>Prane\u0161im\u0173 konkurso nugal\u0117tojai bus kvie\u010diami skaityti savo prane\u0161imus konferencijoje \u201eLietuvos vaik\u0173 balsas\u201c, kuri vyks <strong>2026 m. gegu\u017e\u0117s 29 dien\u0105<\/strong> Mykolo Romerio universitete adresu Ateities g. 20, Vilnius (I-201 aud.). Konferencijoje kvie\u010diami dalyvauti <strong>VISI VAIKAI<\/strong>, taip pat juos lydintys suaugusieji, nepriklausomai nuo to, ar dalyvauja konkursuose ar ne. Registruotis \u012f konferencij\u0105 galima<strong>&nbsp;<\/strong>iki&nbsp;<strong>2026 m. gegu\u017e\u0117s 18 d.&nbsp;<\/strong><\/p>\n\n\n\n<div class=\"wp-block-buttons is-content-justification-center is-layout-flex wp-container-core-buttons-is-layout-a89b3969 wp-block-buttons-is-layout-flex\">\n<div class=\"wp-block-button\"><a class=\"wp-block-button__link wp-element-button\" href=\"https:\/\/forms.office.com\/Pages\/ResponsePage.aspx?id=SHPGoK96QEGcWjouBr8PDUU6dvGdve5IsUVlRZSA54RUNFpOSk1FTEpIMjYyMjA2NFU3MzUzMDVJOC4u\">Registracija tik \u012f konferencij\u0105<\/a><\/div>\n<\/div>\n\n\n\n<p>Konferencijos dalyviai (j\u0173 teis\u0117ti atstovai) sutinka kad:<\/p>\n\n\n\n<ul class=\"wp-block-list\">\n<li>kad konferencija b\u016bt\u0173 fotografuojama, filmuojama ir transliuojama per masines informacijos priemones;<\/li>\n\n\n\n<li>visa foto ar video med\u017eiaga (vaiko atvaizdas, kalba ir veiksmai) su asmeniniu atvaizdu b\u016bt\u0173 atgaminama, perleid\u017eiama, demonstruojama ar kitaip vie\u0161inama.<\/li>\n<\/ul>\n","protected":false},"excerpt":{"rendered":"<p>Mykolo Romerio universiteto \u017dmogaus ir visuomen\u0117s studij\u0173 fakulteto Edukologijos ir socialinio darbo institutas kartu su partneriais \u2013 Lietuvos Respublikos Seimo \u017dmogaus teisi\u0173 komitetu, Lietuvos Respublikos vaiko teisi\u0173 apsaugos kontrolieriaus \u012fstaiga, VO \u201eGelb\u0117kit vaikus\u201c, Art\u016bro Noviko d\u017eiazo mokykla, Lietuvos \u012ftraukties \u0161vietime centru&nbsp;2026 m. gegu\u017e\u0117s 29 dien\u0105&nbsp;jau devintus metus organizuoja konferencij\u0105 \u201eLietuvos vaik\u0173 balsas\u201c. Renginio id\u0117ja paremta [&hellip;]<\/p>\n","protected":false},"author":1,"featured_media":0,"parent":0,"menu_order":0,"comment_status":"closed","ping_status":"closed","template":"","meta":{"footnotes":""},"class_list":["post-1174","page","type-page","status-publish","hentry"],"_links":{"self":[{"href":"https:\/\/vaikubalsas.mruni.eu\/index.php?rest_route=\/wp\/v2\/pages\/1174","targetHints":{"allow":["GET"]}}],"collection":[{"href":"https:\/\/vaikubalsas.mruni.eu\/index.php?rest_route=\/wp\/v2\/pages"}],"about":[{"href":"https:\/\/vaikubalsas.mruni.eu\/index.php?rest_route=\/wp\/v2\/types\/page"}],"author":[{"embeddable":true,"href":"https:\/\/vaikubalsas.mruni.eu\/index.php?rest_route=\/wp\/v2\/users\/1"}],"replies":[{"embeddable":true,"href":"https:\/\/vaikubalsas.mruni.eu\/index.php?rest_route=%2Fwp%2Fv2%2Fcomments&post=1174"}],"version-history":[{"count":192,"href":"https:\/\/vaikubalsas.mruni.eu\/index.php?rest_route=\/wp\/v2\/pages\/1174\/revisions"}],"predecessor-version":[{"id":2850,"href":"https:\/\/vaikubalsas.mruni.eu\/index.php?rest_route=\/wp\/v2\/pages\/1174\/revisions\/2850"}],"wp:attachment":[{"href":"https:\/\/vaikubalsas.mruni.eu\/index.php?rest_route=%2Fwp%2Fv2%2Fmedia&parent=1174"}],"curies":[{"name":"wp","href":"https:\/\/api.w.org\/{rel}","templated":true}]}}